{"id":995,"date":"2024-06-06T10:50:40","date_gmt":"2024-06-06T08:50:40","guid":{"rendered":"https:\/\/leiroresidences.com\/?page_id=995"},"modified":"2024-06-20T12:58:32","modified_gmt":"2024-06-20T10:58:32","slug":"blog","status":"publish","type":"page","link":"https:\/\/leiroresidences.com\/es\/blog\/","title":{"rendered":"Blog"},"content":{"rendered":"\n<div class=\"wp-block-group has-global-padding is-layout-constrained wp-container-core-group-is-layout-4383d167 wp-block-group-is-layout-constrained\">\n\n<section class=\"content-wrapper | archive-blog \">\n\n\t\t\t\n\t<article class=\"\">\n\t\t<div class=\"article-wrapper\">\n\t\t\t<a href=\"https:\/\/leiroresidences.com\/es\/malaga-fenicia-ciudad-mas-antigua-europa\/\">\n\t\t\t\t<figure>\n\t\t\t\t\t<img decoding=\"async\" width=\"1024\" height=\"439\" src=\"https:\/\/leiroresidences.com\/wp-content\/uploads\/2026\/03\/malaga-ciudad-mas-antigua-europa-1024x439.jpg\" class=\"attachment-large size-large wp-post-image\" alt=\"malaga fenicia y su historia\" srcset=\"https:\/\/leiroresidences.com\/wp-content\/uploads\/2026\/03\/malaga-ciudad-mas-antigua-europa-1024x439.jpg 1024w, https:\/\/leiroresidences.com\/wp-content\/uploads\/2026\/03\/malaga-ciudad-mas-antigua-europa-300x129.jpg 300w, https:\/\/leiroresidences.com\/wp-content\/uploads\/2026\/03\/malaga-ciudad-mas-antigua-europa-768x329.jpg 768w, https:\/\/leiroresidences.com\/wp-content\/uploads\/2026\/03\/malaga-ciudad-mas-antigua-europa.jpg 1400w\" sizes=\"(max-width: 1024px) 100vw, 1024px\" \/>\t\t\t\t<\/figure>\n\t\t\t<\/a>\n\t\t\t<div class=\"content\">\n\t\t\t\t\n\t\t\t\t<a href=\"https:\/\/leiroresidences.com\/es\/malaga-fenicia-ciudad-mas-antigua-europa\/\">\n\t\t\t\t\t<h2>\n\t\t\t\t\t\tLa Herencia Fenicia: M\u00e1laga, la ciudad m\u00e1s antigua de Europa\t\t\t\t\t<\/h2>\n\t\t\t\t<\/a>\n\n\t\t\t\t<div class=\"descript\">\n\t\t\t\t\t\t\t\t\t\t\n\t\t\t\t\t\t\t\t\t\t\tM\u00e1laga es mundialmente c\u00e9lebre por su envidiable clima, su vibrante escena cultural y la sofisticaci\u00f3n de su estilo de vida a orillas del Mediterr\u00e1neo. Sin embargo, bajo el asfalto de sus calles ba\u00f1adas por el sol y la arquitectura renacentista de su centro hist\u00f3rico, late el coraz\u00f3n de uno de los asentamientos continuamente habitados m\u00e1s...\t\t\t\t\t\n\t\t\t\t\t<a class=\"btn link\" href=\"https:\/\/leiroresidences.com\/es\/malaga-fenicia-ciudad-mas-antigua-europa\/\">\n\t\t\t\t\t\t<svg id=\"Layer_1\" data-name=\"Layer 1\" xmlns=\"http:\/\/www.w3.org\/2000\/svg\" version=\"1.1\" viewBox=\"0 0 97 35.5\">\n  <defs>\n    <style>\n      .line {\n        fill-rule: evenodd;\n        fill: #48322d;\n        stroke-width: 0px;\n      }\n\n      .star {\n        fill: #48322d;\n        stroke-width: 0px;\n      }\n    <\/style>\n  <\/defs>\n  <path class=\"line\" d=\"M44.8,18.7H.9C.4,18.7,0,18.3,0,17.7h0c0-.5.4-1,.9-1h43.6\"\/>\n  <path class=\"line\" d=\"M50.9,16.7h44.8c.7,0,1,.3,1,1s-.3,1-1,1h-44.8\"\/>\n  <path class=\"star rotate-90\" d=\"M56.3,17.6c-.7.5-3.1.4-5.1,3.6-1.3,2.1-1.8,3.8-2.3,6.2-.2,1-.7,4-.7,5,0-.9-.2-1.7-.3-2.6-.4-4-1.8-9.5-5.7-11.5-.8-.4-1.4-.4-2.1-.7.3-.2.6-.1,1.2-.3.4-.1.8-.3,1-.4.6-.3,1.2-.7,1.6-1.2,2.5-2.4,3.6-6.9,4-10.3,0-.8.3-1.8.3-2.5,0,.1.2,2.3.3,2.6.1.9.2,1.7.4,2.4.6,3,1.5,5.7,3.6,7.8.9.9,2.1,1.7,3.8,1.9h0Z\"\/>\n<\/svg>\n\t\t\t\t\t\tLEER M\u00c1S\t\t\t\t\t<\/a>\n\t\t\t\t<\/div>\n\t\t\t<\/div>\n\t\t<\/div>\n\t<\/article>\n\n\t\t\t\n\t<article class=\"\">\n\t\t<div class=\"article-wrapper\">\n\t\t\t<a href=\"https:\/\/leiroresidences.com\/es\/mejores-piscinas-naturales-malaga\/\">\n\t\t\t\t<figure>\n\t\t\t\t\t<img decoding=\"async\" width=\"1024\" height=\"439\" src=\"https:\/\/leiroresidences.com\/wp-content\/uploads\/2026\/04\/mejores-piscinas-naturales-malaga-1024x439.jpg\" class=\"attachment-large size-large wp-post-image\" alt=\"rio y piscina natural malaga\" srcset=\"https:\/\/leiroresidences.com\/wp-content\/uploads\/2026\/04\/mejores-piscinas-naturales-malaga-1024x439.jpg 1024w, https:\/\/leiroresidences.com\/wp-content\/uploads\/2026\/04\/mejores-piscinas-naturales-malaga-300x129.jpg 300w, https:\/\/leiroresidences.com\/wp-content\/uploads\/2026\/04\/mejores-piscinas-naturales-malaga-768x329.jpg 768w, https:\/\/leiroresidences.com\/wp-content\/uploads\/2026\/04\/mejores-piscinas-naturales-malaga.jpg 1400w\" sizes=\"(max-width: 1024px) 100vw, 1024px\" \/>\t\t\t\t<\/figure>\n\t\t\t<\/a>\n\t\t\t<div class=\"content\">\n\t\t\t\t\n\t\t\t\t<a href=\"https:\/\/leiroresidences.com\/es\/mejores-piscinas-naturales-malaga\/\">\n\t\t\t\t\t<h2>\n\t\t\t\t\t\tMejores R\u00edos y Piscinas Naturales en M\u00e1laga: Escapada Perfecta\t\t\t\t\t<\/h2>\n\t\t\t\t<\/a>\n\n\t\t\t\t<div class=\"descript\">\n\t\t\t\t\t\t\t\t\t\t\n\t\t\t\t\t\t\t\t\t\t\tM\u00e1s all\u00e1 de sus famosas costas, la provincia de M\u00e1laga esconde un interior exuberante donde el agua dulce es la protagonista. Ca\u00f1ones esculpidos por el tiempo, cascadas cristalinas y lagunas turquesas forman una red de piscinas naturales que ofrecen un refugio de paz y exclusividad en plena naturaleza. Si su idea de un d\u00eda perfecto...\t\t\t\t\t\n\t\t\t\t\t<a class=\"btn link\" href=\"https:\/\/leiroresidences.com\/es\/mejores-piscinas-naturales-malaga\/\">\n\t\t\t\t\t\t<svg id=\"Layer_1\" data-name=\"Layer 1\" xmlns=\"http:\/\/www.w3.org\/2000\/svg\" version=\"1.1\" viewBox=\"0 0 97 35.5\">\n  <defs>\n    <style>\n      .line {\n        fill-rule: evenodd;\n        fill: #48322d;\n        stroke-width: 0px;\n      }\n\n      .star {\n        fill: #48322d;\n        stroke-width: 0px;\n      }\n    <\/style>\n  <\/defs>\n  <path class=\"line\" d=\"M44.8,18.7H.9C.4,18.7,0,18.3,0,17.7h0c0-.5.4-1,.9-1h43.6\"\/>\n  <path class=\"line\" d=\"M50.9,16.7h44.8c.7,0,1,.3,1,1s-.3,1-1,1h-44.8\"\/>\n  <path class=\"star rotate-90\" d=\"M56.3,17.6c-.7.5-3.1.4-5.1,3.6-1.3,2.1-1.8,3.8-2.3,6.2-.2,1-.7,4-.7,5,0-.9-.2-1.7-.3-2.6-.4-4-1.8-9.5-5.7-11.5-.8-.4-1.4-.4-2.1-.7.3-.2.6-.1,1.2-.3.4-.1.8-.3,1-.4.6-.3,1.2-.7,1.6-1.2,2.5-2.4,3.6-6.9,4-10.3,0-.8.3-1.8.3-2.5,0,.1.2,2.3.3,2.6.1.9.2,1.7.4,2.4.6,3,1.5,5.7,3.6,7.8.9.9,2.1,1.7,3.8,1.9h0Z\"\/>\n<\/svg>\n\t\t\t\t\t\tLEER M\u00c1S\t\t\t\t\t<\/a>\n\t\t\t\t<\/div>\n\t\t\t<\/div>\n\t\t<\/div>\n\t<\/article>\n\n\t\t\t\n\t<article class=\"\">\n\t\t<div class=\"article-wrapper\">\n\t\t\t<a href=\"https:\/\/leiroresidences.com\/es\/starlite-occident-marbella-2026\/\">\n\t\t\t\t<figure>\n\t\t\t\t\t<img decoding=\"async\" width=\"1024\" height=\"439\" src=\"https:\/\/leiroresidences.com\/wp-content\/uploads\/2026\/03\/starlite-occident-marbella-1024x439.jpg\" class=\"attachment-large size-large wp-post-image\" alt=\"estancia cerca de starlite marbella\" srcset=\"https:\/\/leiroresidences.com\/wp-content\/uploads\/2026\/03\/starlite-occident-marbella-1024x439.jpg 1024w, https:\/\/leiroresidences.com\/wp-content\/uploads\/2026\/03\/starlite-occident-marbella-300x129.jpg 300w, https:\/\/leiroresidences.com\/wp-content\/uploads\/2026\/03\/starlite-occident-marbella-768x329.jpg 768w, https:\/\/leiroresidences.com\/wp-content\/uploads\/2026\/03\/starlite-occident-marbella.jpg 1400w\" sizes=\"(max-width: 1024px) 100vw, 1024px\" \/>\t\t\t\t<\/figure>\n\t\t\t<\/a>\n\t\t\t<div class=\"content\">\n\t\t\t\t\n\t\t\t\t<a href=\"https:\/\/leiroresidences.com\/es\/starlite-occident-marbella-2026\/\">\n\t\t\t\t\t<h2>\n\t\t\t\t\t\tStarlite Occident Marbella 2026: Gu\u00eda Exclusiva y Cartel de Conciertos\t\t\t\t\t<\/h2>\n\t\t\t\t<\/a>\n\n\t\t\t\t<div class=\"descript\">\n\t\t\t\t\t\t\t\t\t\t\n\t\t\t\t\t\t\t\t\t\t\tEl Starlite Occident Marbella regresa en su 15\u00aa edici\u00f3n para reafirmarse como el mejor festival de Marbella y una de las citas imprescindibles del verano europeo. Si est\u00e1s planeando tus pr\u00f3ximas vacaciones de lujo en M\u00e1laga, los conciertos en 2026 dentro de la emblem\u00e1tica cantera ofrecen una combinaci\u00f3n inigualable de ac\u00fastica perfecta y entorno natural....\t\t\t\t\t\n\t\t\t\t\t<a class=\"btn link\" href=\"https:\/\/leiroresidences.com\/es\/starlite-occident-marbella-2026\/\">\n\t\t\t\t\t\t<svg id=\"Layer_1\" data-name=\"Layer 1\" xmlns=\"http:\/\/www.w3.org\/2000\/svg\" version=\"1.1\" viewBox=\"0 0 97 35.5\">\n  <defs>\n    <style>\n      .line {\n        fill-rule: evenodd;\n        fill: #48322d;\n        stroke-width: 0px;\n      }\n\n      .star {\n        fill: #48322d;\n        stroke-width: 0px;\n      }\n    <\/style>\n  <\/defs>\n  <path class=\"line\" d=\"M44.8,18.7H.9C.4,18.7,0,18.3,0,17.7h0c0-.5.4-1,.9-1h43.6\"\/>\n  <path class=\"line\" d=\"M50.9,16.7h44.8c.7,0,1,.3,1,1s-.3,1-1,1h-44.8\"\/>\n  <path class=\"star rotate-90\" d=\"M56.3,17.6c-.7.5-3.1.4-5.1,3.6-1.3,2.1-1.8,3.8-2.3,6.2-.2,1-.7,4-.7,5,0-.9-.2-1.7-.3-2.6-.4-4-1.8-9.5-5.7-11.5-.8-.4-1.4-.4-2.1-.7.3-.2.6-.1,1.2-.3.4-.1.8-.3,1-.4.6-.3,1.2-.7,1.6-1.2,2.5-2.4,3.6-6.9,4-10.3,0-.8.3-1.8.3-2.5,0,.1.2,2.3.3,2.6.1.9.2,1.7.4,2.4.6,3,1.5,5.7,3.6,7.8.9.9,2.1,1.7,3.8,1.9h0Z\"\/>\n<\/svg>\n\t\t\t\t\t\tLEER M\u00c1S\t\t\t\t\t<\/a>\n\t\t\t\t<\/div>\n\t\t\t<\/div>\n\t\t<\/div>\n\t<\/article>\n\n\t\t\t\n\t<article class=\"\">\n\t\t<div class=\"article-wrapper\">\n\t\t\t<a href=\"https:\/\/leiroresidences.com\/es\/marenostrum-fuengirola-2026\/\">\n\t\t\t\t<figure>\n\t\t\t\t\t<img decoding=\"async\" width=\"1024\" height=\"439\" src=\"https:\/\/leiroresidences.com\/wp-content\/uploads\/2026\/03\/marenostrum-fungirola-2026-1024x439.jpg\" class=\"attachment-large size-large wp-post-image\" alt=\"estancia cerca de funegirola marenostrum\" srcset=\"https:\/\/leiroresidences.com\/wp-content\/uploads\/2026\/03\/marenostrum-fungirola-2026-1024x439.jpg 1024w, https:\/\/leiroresidences.com\/wp-content\/uploads\/2026\/03\/marenostrum-fungirola-2026-300x129.jpg 300w, https:\/\/leiroresidences.com\/wp-content\/uploads\/2026\/03\/marenostrum-fungirola-2026-768x329.jpg 768w, https:\/\/leiroresidences.com\/wp-content\/uploads\/2026\/03\/marenostrum-fungirola-2026.jpg 1400w\" sizes=\"(max-width: 1024px) 100vw, 1024px\" \/>\t\t\t\t<\/figure>\n\t\t\t<\/a>\n\t\t\t<div class=\"content\">\n\t\t\t\t\n\t\t\t\t<a href=\"https:\/\/leiroresidences.com\/es\/marenostrum-fuengirola-2026\/\">\n\t\t\t\t\t<h2>\n\t\t\t\t\t\tMarenostrum Fuengirola 2026: M\u00fasica y Exclusividad junto al Mediterr\u00e1neo\t\t\t\t\t<\/h2>\n\t\t\t\t<\/a>\n\n\t\t\t\t<div class=\"descript\">\n\t\t\t\t\t\t\t\t\t\t\n\t\t\t\t\t\t\t\t\t\t\tEl ciclo de conciertos Marenostrum Fuengirola se ha consolidado como uno de los recintos al aire libre m\u00e1s espectaculares de Europa. En este 2026, la duod\u00e9cima edici\u00f3n promete superar todas las expectativas, convirtiendo las noches de verano en una experiencia sensorial donde la brisa del Mediterr\u00e1neo y las murallas hist\u00f3ricas del Castillo de Sohail son...\t\t\t\t\t\n\t\t\t\t\t<a class=\"btn link\" href=\"https:\/\/leiroresidences.com\/es\/marenostrum-fuengirola-2026\/\">\n\t\t\t\t\t\t<svg id=\"Layer_1\" data-name=\"Layer 1\" xmlns=\"http:\/\/www.w3.org\/2000\/svg\" version=\"1.1\" viewBox=\"0 0 97 35.5\">\n  <defs>\n    <style>\n      .line {\n        fill-rule: evenodd;\n        fill: #48322d;\n        stroke-width: 0px;\n      }\n\n      .star {\n        fill: #48322d;\n        stroke-width: 0px;\n      }\n    <\/style>\n  <\/defs>\n  <path class=\"line\" d=\"M44.8,18.7H.9C.4,18.7,0,18.3,0,17.7h0c0-.5.4-1,.9-1h43.6\"\/>\n  <path class=\"line\" d=\"M50.9,16.7h44.8c.7,0,1,.3,1,1s-.3,1-1,1h-44.8\"\/>\n  <path class=\"star rotate-90\" d=\"M56.3,17.6c-.7.5-3.1.4-5.1,3.6-1.3,2.1-1.8,3.8-2.3,6.2-.2,1-.7,4-.7,5,0-.9-.2-1.7-.3-2.6-.4-4-1.8-9.5-5.7-11.5-.8-.4-1.4-.4-2.1-.7.3-.2.6-.1,1.2-.3.4-.1.8-.3,1-.4.6-.3,1.2-.7,1.6-1.2,2.5-2.4,3.6-6.9,4-10.3,0-.8.3-1.8.3-2.5,0,.1.2,2.3.3,2.6.1.9.2,1.7.4,2.4.6,3,1.5,5.7,3.6,7.8.9.9,2.1,1.7,3.8,1.9h0Z\"\/>\n<\/svg>\n\t\t\t\t\t\tLEER M\u00c1S\t\t\t\t\t<\/a>\n\t\t\t\t<\/div>\n\t\t\t<\/div>\n\t\t<\/div>\n\t<\/article>\n\n\t\t\t\n\t<article class=\"\">\n\t\t<div class=\"article-wrapper\">\n\t\t\t<a href=\"https:\/\/leiroresidences.com\/es\/calendario-mercadillos-malaga\/\">\n\t\t\t\t<figure>\n\t\t\t\t\t<img decoding=\"async\" width=\"1024\" height=\"439\" src=\"https:\/\/leiroresidences.com\/wp-content\/uploads\/2026\/03\/donde-mercadillo-malaga-1024x439.jpg\" class=\"attachment-large size-large wp-post-image\" alt=\"calendario mercadillo malaga compras\" srcset=\"https:\/\/leiroresidences.com\/wp-content\/uploads\/2026\/03\/donde-mercadillo-malaga-1024x439.jpg 1024w, https:\/\/leiroresidences.com\/wp-content\/uploads\/2026\/03\/donde-mercadillo-malaga-300x129.jpg 300w, https:\/\/leiroresidences.com\/wp-content\/uploads\/2026\/03\/donde-mercadillo-malaga-768x329.jpg 768w, https:\/\/leiroresidences.com\/wp-content\/uploads\/2026\/03\/donde-mercadillo-malaga.jpg 1400w\" sizes=\"(max-width: 1024px) 100vw, 1024px\" \/>\t\t\t\t<\/figure>\n\t\t\t<\/a>\n\t\t\t<div class=\"content\">\n\t\t\t\t\n\t\t\t\t<a href=\"https:\/\/leiroresidences.com\/es\/calendario-mercadillos-malaga\/\">\n\t\t\t\t\t<h2>\n\t\t\t\t\t\tCalendario de mercadillos en M\u00e1laga: D\u00f3nde y cu\u00e1ndo ir de compras\t\t\t\t\t<\/h2>\n\t\t\t\t<\/a>\n\n\t\t\t\t<div class=\"descript\">\n\t\t\t\t\t\t\t\t\t\t\n\t\t\t\t\t\t\t\t\t\t\tSi hay algo que define el estilo de vida mediterr\u00e1neo es el placer de pasear sin prisa. Durante tu estancia en Leiro Residence, descubrir\u00e1s que ir de mercadillos puede ser una experiencia mucho m\u00e1s interesante que visitar un centro comercial en M\u00e1laga. Muchos de nuestros clientes nos preguntan d\u00f3nde es el mercadillo en M\u00e1laga o...\t\t\t\t\t\n\t\t\t\t\t<a class=\"btn link\" href=\"https:\/\/leiroresidences.com\/es\/calendario-mercadillos-malaga\/\">\n\t\t\t\t\t\t<svg id=\"Layer_1\" data-name=\"Layer 1\" xmlns=\"http:\/\/www.w3.org\/2000\/svg\" version=\"1.1\" viewBox=\"0 0 97 35.5\">\n  <defs>\n    <style>\n      .line {\n        fill-rule: evenodd;\n        fill: #48322d;\n        stroke-width: 0px;\n      }\n\n      .star {\n        fill: #48322d;\n        stroke-width: 0px;\n      }\n    <\/style>\n  <\/defs>\n  <path class=\"line\" d=\"M44.8,18.7H.9C.4,18.7,0,18.3,0,17.7h0c0-.5.4-1,.9-1h43.6\"\/>\n  <path class=\"line\" d=\"M50.9,16.7h44.8c.7,0,1,.3,1,1s-.3,1-1,1h-44.8\"\/>\n  <path class=\"star rotate-90\" d=\"M56.3,17.6c-.7.5-3.1.4-5.1,3.6-1.3,2.1-1.8,3.8-2.3,6.2-.2,1-.7,4-.7,5,0-.9-.2-1.7-.3-2.6-.4-4-1.8-9.5-5.7-11.5-.8-.4-1.4-.4-2.1-.7.3-.2.6-.1,1.2-.3.4-.1.8-.3,1-.4.6-.3,1.2-.7,1.6-1.2,2.5-2.4,3.6-6.9,4-10.3,0-.8.3-1.8.3-2.5,0,.1.2,2.3.3,2.6.1.9.2,1.7.4,2.4.6,3,1.5,5.7,3.6,7.8.9.9,2.1,1.7,3.8,1.9h0Z\"\/>\n<\/svg>\n\t\t\t\t\t\tLEER M\u00c1S\t\t\t\t\t<\/a>\n\t\t\t\t<\/div>\n\t\t\t<\/div>\n\t\t<\/div>\n\t<\/article>\n\n\t\t\t\n\t<article class=\"\">\n\t\t<div class=\"article-wrapper\">\n\t\t\t<a href=\"https:\/\/leiroresidences.com\/es\/mejores-playas-fuengirola\/\">\n\t\t\t\t<figure>\n\t\t\t\t\t<img decoding=\"async\" width=\"1024\" height=\"439\" src=\"https:\/\/leiroresidences.com\/wp-content\/uploads\/2026\/03\/mejores-playas-fuengirola-guia-1024x439.jpg\" class=\"attachment-large size-large wp-post-image\" alt=\"guia playas fuengirola\" srcset=\"https:\/\/leiroresidences.com\/wp-content\/uploads\/2026\/03\/mejores-playas-fuengirola-guia-1024x439.jpg 1024w, https:\/\/leiroresidences.com\/wp-content\/uploads\/2026\/03\/mejores-playas-fuengirola-guia-300x129.jpg 300w, https:\/\/leiroresidences.com\/wp-content\/uploads\/2026\/03\/mejores-playas-fuengirola-guia-768x329.jpg 768w, https:\/\/leiroresidences.com\/wp-content\/uploads\/2026\/03\/mejores-playas-fuengirola-guia.jpg 1400w\" sizes=\"(max-width: 1024px) 100vw, 1024px\" \/>\t\t\t\t<\/figure>\n\t\t\t<\/a>\n\t\t\t<div class=\"content\">\n\t\t\t\t\n\t\t\t\t<a href=\"https:\/\/leiroresidences.com\/es\/mejores-playas-fuengirola\/\">\n\t\t\t\t\t<h2>\n\t\t\t\t\t\tGu\u00eda por las mejores playas de Fuengirola: Del Castillo a Carvajal\u00a0\t\t\t\t\t<\/h2>\n\t\t\t\t<\/a>\n\n\t\t\t\t<div class=\"descript\">\n\t\t\t\t\t\t\t\t\t\t\n\t\t\t\t\t\t\t\t\t\t\tFuengirola no es solo uno de los mejores destinos en la Costa del Sol; es un rinc\u00f3n donde el mar y la ciudad se funden en un abrazo de arena dorada. Con m\u00e1s de siete kil\u00f3metros de litoral, sus playas son famosas por la calidad de sus aguas y ese ambiente de lujo relajado que...\t\t\t\t\t\n\t\t\t\t\t<a class=\"btn link\" href=\"https:\/\/leiroresidences.com\/es\/mejores-playas-fuengirola\/\">\n\t\t\t\t\t\t<svg id=\"Layer_1\" data-name=\"Layer 1\" xmlns=\"http:\/\/www.w3.org\/2000\/svg\" version=\"1.1\" viewBox=\"0 0 97 35.5\">\n  <defs>\n    <style>\n      .line {\n        fill-rule: evenodd;\n        fill: #48322d;\n        stroke-width: 0px;\n      }\n\n      .star {\n        fill: #48322d;\n        stroke-width: 0px;\n      }\n    <\/style>\n  <\/defs>\n  <path class=\"line\" d=\"M44.8,18.7H.9C.4,18.7,0,18.3,0,17.7h0c0-.5.4-1,.9-1h43.6\"\/>\n  <path class=\"line\" d=\"M50.9,16.7h44.8c.7,0,1,.3,1,1s-.3,1-1,1h-44.8\"\/>\n  <path class=\"star rotate-90\" d=\"M56.3,17.6c-.7.5-3.1.4-5.1,3.6-1.3,2.1-1.8,3.8-2.3,6.2-.2,1-.7,4-.7,5,0-.9-.2-1.7-.3-2.6-.4-4-1.8-9.5-5.7-11.5-.8-.4-1.4-.4-2.1-.7.3-.2.6-.1,1.2-.3.4-.1.8-.3,1-.4.6-.3,1.2-.7,1.6-1.2,2.5-2.4,3.6-6.9,4-10.3,0-.8.3-1.8.3-2.5,0,.1.2,2.3.3,2.6.1.9.2,1.7.4,2.4.6,3,1.5,5.7,3.6,7.8.9.9,2.1,1.7,3.8,1.9h0Z\"\/>\n<\/svg>\n\t\t\t\t\t\tLEER M\u00c1S\t\t\t\t\t<\/a>\n\t\t\t\t<\/div>\n\t\t\t<\/div>\n\t\t<\/div>\n\t<\/article>\n\n\t\t\t\n\t<article class=\"\">\n\t\t<div class=\"article-wrapper\">\n\t\t\t<a href=\"https:\/\/leiroresidences.com\/es\/guia-gastronomica-carta-chiringuito-malaga\/\">\n\t\t\t\t<figure>\n\t\t\t\t\t<img decoding=\"async\" width=\"1024\" height=\"439\" src=\"https:\/\/leiroresidences.com\/wp-content\/uploads\/2026\/03\/chiringuito-malaga-carta-1-1024x439.jpg\" class=\"attachment-large size-large wp-post-image\" alt=\"gastronomia chiringuito malaga playa\" srcset=\"https:\/\/leiroresidences.com\/wp-content\/uploads\/2026\/03\/chiringuito-malaga-carta-1-1024x439.jpg 1024w, https:\/\/leiroresidences.com\/wp-content\/uploads\/2026\/03\/chiringuito-malaga-carta-1-300x129.jpg 300w, https:\/\/leiroresidences.com\/wp-content\/uploads\/2026\/03\/chiringuito-malaga-carta-1-768x329.jpg 768w, https:\/\/leiroresidences.com\/wp-content\/uploads\/2026\/03\/chiringuito-malaga-carta-1.jpg 1400w\" sizes=\"(max-width: 1024px) 100vw, 1024px\" \/>\t\t\t\t<\/figure>\n\t\t\t<\/a>\n\t\t\t<div class=\"content\">\n\t\t\t\t\n\t\t\t\t<a href=\"https:\/\/leiroresidences.com\/es\/guia-gastronomica-carta-chiringuito-malaga\/\">\n\t\t\t\t\t<h2>\n\t\t\t\t\t\tGu\u00eda Gastron\u00f3mica: Entender la carta de un chiringuito en la playa de M\u00e1laga\t\t\t\t\t<\/h2>\n\t\t\t\t<\/a>\n\n\t\t\t\t<div class=\"descript\">\n\t\t\t\t\t\t\t\t\t\t\n\t\t\t\t\t\t\t\t\t\t\tPara el viajero que busca sumergirse en el turismo gastron\u00f3mico de la Costa del Sol, el chiringuito representa mucho m\u00e1s que un restaurante a pie de playa; es una instituci\u00f3n cultural. Si est\u00e1s planeando tu pr\u00f3ximo viaje a M\u00e1laga, entender la din\u00e1mica de estos establecimientos es fundamental para disfrutar de una experiencia aut\u00e9ntica y de...\t\t\t\t\t\n\t\t\t\t\t<a class=\"btn link\" href=\"https:\/\/leiroresidences.com\/es\/guia-gastronomica-carta-chiringuito-malaga\/\">\n\t\t\t\t\t\t<svg id=\"Layer_1\" data-name=\"Layer 1\" xmlns=\"http:\/\/www.w3.org\/2000\/svg\" version=\"1.1\" viewBox=\"0 0 97 35.5\">\n  <defs>\n    <style>\n      .line {\n        fill-rule: evenodd;\n        fill: #48322d;\n        stroke-width: 0px;\n      }\n\n      .star {\n        fill: #48322d;\n        stroke-width: 0px;\n      }\n    <\/style>\n  <\/defs>\n  <path class=\"line\" d=\"M44.8,18.7H.9C.4,18.7,0,18.3,0,17.7h0c0-.5.4-1,.9-1h43.6\"\/>\n  <path class=\"line\" d=\"M50.9,16.7h44.8c.7,0,1,.3,1,1s-.3,1-1,1h-44.8\"\/>\n  <path class=\"star rotate-90\" d=\"M56.3,17.6c-.7.5-3.1.4-5.1,3.6-1.3,2.1-1.8,3.8-2.3,6.2-.2,1-.7,4-.7,5,0-.9-.2-1.7-.3-2.6-.4-4-1.8-9.5-5.7-11.5-.8-.4-1.4-.4-2.1-.7.3-.2.6-.1,1.2-.3.4-.1.8-.3,1-.4.6-.3,1.2-.7,1.6-1.2,2.5-2.4,3.6-6.9,4-10.3,0-.8.3-1.8.3-2.5,0,.1.2,2.3.3,2.6.1.9.2,1.7.4,2.4.6,3,1.5,5.7,3.6,7.8.9.9,2.1,1.7,3.8,1.9h0Z\"\/>\n<\/svg>\n\t\t\t\t\t\tLEER M\u00c1S\t\t\t\t\t<\/a>\n\t\t\t\t<\/div>\n\t\t\t<\/div>\n\t\t<\/div>\n\t<\/article>\n\n\t\t\t\n\t<article class=\"\">\n\t\t<div class=\"article-wrapper\">\n\t\t\t<a href=\"https:\/\/leiroresidences.com\/es\/aceite-oliva-cultura-gastronomia-malaga\/\">\n\t\t\t\t<figure>\n\t\t\t\t\t<img decoding=\"async\" width=\"1024\" height=\"439\" src=\"https:\/\/leiroresidences.com\/wp-content\/uploads\/2026\/03\/aceite-oliva-malaga-1024x439.jpg\" class=\"attachment-large size-large wp-post-image\" alt=\"cultura y gastronomia de malaga\" srcset=\"https:\/\/leiroresidences.com\/wp-content\/uploads\/2026\/03\/aceite-oliva-malaga-1024x439.jpg 1024w, https:\/\/leiroresidences.com\/wp-content\/uploads\/2026\/03\/aceite-oliva-malaga-300x129.jpg 300w, https:\/\/leiroresidences.com\/wp-content\/uploads\/2026\/03\/aceite-oliva-malaga-768x329.jpg 768w, https:\/\/leiroresidences.com\/wp-content\/uploads\/2026\/03\/aceite-oliva-malaga.jpg 1400w\" sizes=\"(max-width: 1024px) 100vw, 1024px\" \/>\t\t\t\t<\/figure>\n\t\t\t<\/a>\n\t\t\t<div class=\"content\">\n\t\t\t\t\n\t\t\t\t<a href=\"https:\/\/leiroresidences.com\/es\/aceite-oliva-cultura-gastronomia-malaga\/\">\n\t\t\t\t\t<h2>\n\t\t\t\t\t\tEl Aceite de Oliva Virgen Extra: Cultura y Gastronom\u00eda de M\u00e1laga\t\t\t\t\t<\/h2>\n\t\t\t\t<\/a>\n\n\t\t\t\t<div class=\"descript\">\n\t\t\t\t\t\t\t\t\t\t\n\t\t\t\t\t\t\t\t\t\t\tSi est\u00e1s planeando tu viaje a la Costa del Sol, y concretamente a M\u00e1laga, hay un aroma que te acompa\u00f1ar\u00e1 en cada rinc\u00f3n: el del Aceite de Oliva Virgen Extra (AOVE). Para nosotros, no es solo un ingrediente; es el coraz\u00f3n de la gastronom\u00eda malague\u00f1a y un pilar fundamental de la Dieta Mediterr\u00e1nea. En Leiro...\t\t\t\t\t\n\t\t\t\t\t<a class=\"btn link\" href=\"https:\/\/leiroresidences.com\/es\/aceite-oliva-cultura-gastronomia-malaga\/\">\n\t\t\t\t\t\t<svg id=\"Layer_1\" data-name=\"Layer 1\" xmlns=\"http:\/\/www.w3.org\/2000\/svg\" version=\"1.1\" viewBox=\"0 0 97 35.5\">\n  <defs>\n    <style>\n      .line {\n        fill-rule: evenodd;\n        fill: #48322d;\n        stroke-width: 0px;\n      }\n\n      .star {\n        fill: #48322d;\n        stroke-width: 0px;\n      }\n    <\/style>\n  <\/defs>\n  <path class=\"line\" d=\"M44.8,18.7H.9C.4,18.7,0,18.3,0,17.7h0c0-.5.4-1,.9-1h43.6\"\/>\n  <path class=\"line\" d=\"M50.9,16.7h44.8c.7,0,1,.3,1,1s-.3,1-1,1h-44.8\"\/>\n  <path class=\"star rotate-90\" d=\"M56.3,17.6c-.7.5-3.1.4-5.1,3.6-1.3,2.1-1.8,3.8-2.3,6.2-.2,1-.7,4-.7,5,0-.9-.2-1.7-.3-2.6-.4-4-1.8-9.5-5.7-11.5-.8-.4-1.4-.4-2.1-.7.3-.2.6-.1,1.2-.3.4-.1.8-.3,1-.4.6-.3,1.2-.7,1.6-1.2,2.5-2.4,3.6-6.9,4-10.3,0-.8.3-1.8.3-2.5,0,.1.2,2.3.3,2.6.1.9.2,1.7.4,2.4.6,3,1.5,5.7,3.6,7.8.9.9,2.1,1.7,3.8,1.9h0Z\"\/>\n<\/svg>\n\t\t\t\t\t\tLEER M\u00c1S\t\t\t\t\t<\/a>\n\t\t\t\t<\/div>\n\t\t\t<\/div>\n\t\t<\/div>\n\t<\/article>\n\n\t\t\t\n\t<article class=\"\">\n\t\t<div class=\"article-wrapper\">\n\t\t\t<a href=\"https:\/\/leiroresidences.com\/es\/mejores-excursiones-desde-malaga\/\">\n\t\t\t\t<figure>\n\t\t\t\t\t<img decoding=\"async\" width=\"1024\" height=\"439\" src=\"https:\/\/leiroresidences.com\/wp-content\/uploads\/2026\/03\/el-caminito-del-rey-excursion-malaga-senderismo-1024x439.jpg\" class=\"attachment-large size-large wp-post-image\" alt=\"Mejores excursiones desde M\u00e1laga\" srcset=\"https:\/\/leiroresidences.com\/wp-content\/uploads\/2026\/03\/el-caminito-del-rey-excursion-malaga-senderismo-1024x439.jpg 1024w, https:\/\/leiroresidences.com\/wp-content\/uploads\/2026\/03\/el-caminito-del-rey-excursion-malaga-senderismo-300x129.jpg 300w, https:\/\/leiroresidences.com\/wp-content\/uploads\/2026\/03\/el-caminito-del-rey-excursion-malaga-senderismo-768x329.jpg 768w, https:\/\/leiroresidences.com\/wp-content\/uploads\/2026\/03\/el-caminito-del-rey-excursion-malaga-senderismo.jpg 1400w\" sizes=\"(max-width: 1024px) 100vw, 1024px\" \/>\t\t\t\t<\/figure>\n\t\t\t<\/a>\n\t\t\t<div class=\"content\">\n\t\t\t\t\n\t\t\t\t<a href=\"https:\/\/leiroresidences.com\/es\/mejores-excursiones-desde-malaga\/\">\n\t\t\t\t\t<h2>\n\t\t\t\t\t\tMejores excursiones desde M\u00e1laga\t\t\t\t\t<\/h2>\n\t\t\t\t<\/a>\n\n\t\t\t\t<div class=\"descript\">\n\t\t\t\t\t\t\t\t\t\t\n\t\t\t\t\t\t\t\t\t\t\tSi est\u00e1s planeando una escapada a la Costa del Sol, sabr\u00e1s que las mejores excursiones desde M\u00e1laga van mucho m\u00e1s all\u00e1 del sol y la playa. M\u00e1laga es el lugar donde el Mediterr\u00e1neo se encuentra con la monta\u00f1a en menos de una hora de trayecto. El Caminito del Rey: Referente del turismo activo en M\u00e1laga...\t\t\t\t\t\n\t\t\t\t\t<a class=\"btn link\" href=\"https:\/\/leiroresidences.com\/es\/mejores-excursiones-desde-malaga\/\">\n\t\t\t\t\t\t<svg id=\"Layer_1\" data-name=\"Layer 1\" xmlns=\"http:\/\/www.w3.org\/2000\/svg\" version=\"1.1\" viewBox=\"0 0 97 35.5\">\n  <defs>\n    <style>\n      .line {\n        fill-rule: evenodd;\n        fill: #48322d;\n        stroke-width: 0px;\n      }\n\n      .star {\n        fill: #48322d;\n        stroke-width: 0px;\n      }\n    <\/style>\n  <\/defs>\n  <path class=\"line\" d=\"M44.8,18.7H.9C.4,18.7,0,18.3,0,17.7h0c0-.5.4-1,.9-1h43.6\"\/>\n  <path class=\"line\" d=\"M50.9,16.7h44.8c.7,0,1,.3,1,1s-.3,1-1,1h-44.8\"\/>\n  <path class=\"star rotate-90\" d=\"M56.3,17.6c-.7.5-3.1.4-5.1,3.6-1.3,2.1-1.8,3.8-2.3,6.2-.2,1-.7,4-.7,5,0-.9-.2-1.7-.3-2.6-.4-4-1.8-9.5-5.7-11.5-.8-.4-1.4-.4-2.1-.7.3-.2.6-.1,1.2-.3.4-.1.8-.3,1-.4.6-.3,1.2-.7,1.6-1.2,2.5-2.4,3.6-6.9,4-10.3,0-.8.3-1.8.3-2.5,0,.1.2,2.3.3,2.6.1.9.2,1.7.4,2.4.6,3,1.5,5.7,3.6,7.8.9.9,2.1,1.7,3.8,1.9h0Z\"\/>\n<\/svg>\n\t\t\t\t\t\tLEER M\u00c1S\t\t\t\t\t<\/a>\n\t\t\t\t<\/div>\n\t\t\t<\/div>\n\t\t<\/div>\n\t<\/article>\n\n\t\t\t\n\t<article class=\"\">\n\t\t<div class=\"article-wrapper\">\n\t\t\t<a href=\"https:\/\/leiroresidences.com\/es\/escapadas-wellness-costa-del-sol-3-dias\/\">\n\t\t\t\t<figure>\n\t\t\t\t\t<img decoding=\"async\" width=\"1024\" height=\"1024\" src=\"https:\/\/leiroresidences.com\/wp-content\/uploads\/2026\/01\/braided-serenity-embracing-yoga-wisdom-1024x1024.jpg\" class=\"attachment-large size-large wp-post-image\" alt=\"\" srcset=\"https:\/\/leiroresidences.com\/wp-content\/uploads\/2026\/01\/braided-serenity-embracing-yoga-wisdom-1024x1024.jpg 1024w, https:\/\/leiroresidences.com\/wp-content\/uploads\/2026\/01\/braided-serenity-embracing-yoga-wisdom-300x300.jpg 300w, https:\/\/leiroresidences.com\/wp-content\/uploads\/2026\/01\/braided-serenity-embracing-yoga-wisdom-150x150.jpg 150w, https:\/\/leiroresidences.com\/wp-content\/uploads\/2026\/01\/braided-serenity-embracing-yoga-wisdom-768x768.jpg 768w, https:\/\/leiroresidences.com\/wp-content\/uploads\/2026\/01\/braided-serenity-embracing-yoga-wisdom-1536x1536.jpg 1536w, https:\/\/leiroresidences.com\/wp-content\/uploads\/2026\/01\/braided-serenity-embracing-yoga-wisdom-2048x2048.jpg 2048w\" sizes=\"(max-width: 1024px) 100vw, 1024px\" \/>\t\t\t\t<\/figure>\n\t\t\t<\/a>\n\t\t\t<div class=\"content\">\n\t\t\t\t\n\t\t\t\t<a href=\"https:\/\/leiroresidences.com\/es\/escapadas-wellness-costa-del-sol-3-dias\/\">\n\t\t\t\t\t<h2>\n\t\t\t\t\t\tEscapadas wellness en la Costa del Sol: 3 d\u00edas para resetear cuerpo y mente\t\t\t\t\t<\/h2>\n\t\t\t\t<\/a>\n\n\t\t\t\t<div class=\"descript\">\n\t\t\t\t\t\t\t\t\t\t\n\t\t\t\t\t\t\t\t\t\t\tUn retiro de lujo entre el mar y la monta\u00f1a En un mundo acelerado, donde el estr\u00e9s y la hiperconectividad dominan la rutina, cada vez m\u00e1s personas buscan una pausa consciente para recuperar el equilibrio. Y no hay mejor lugar para hacerlo que la Costa del Sol en temporada baja: clima templado, luz natural durante...\t\t\t\t\t\n\t\t\t\t\t<a class=\"btn link\" href=\"https:\/\/leiroresidences.com\/es\/escapadas-wellness-costa-del-sol-3-dias\/\">\n\t\t\t\t\t\t<svg id=\"Layer_1\" data-name=\"Layer 1\" xmlns=\"http:\/\/www.w3.org\/2000\/svg\" version=\"1.1\" viewBox=\"0 0 97 35.5\">\n  <defs>\n    <style>\n      .line {\n        fill-rule: evenodd;\n        fill: #48322d;\n        stroke-width: 0px;\n      }\n\n      .star {\n        fill: #48322d;\n        stroke-width: 0px;\n      }\n    <\/style>\n  <\/defs>\n  <path class=\"line\" d=\"M44.8,18.7H.9C.4,18.7,0,18.3,0,17.7h0c0-.5.4-1,.9-1h43.6\"\/>\n  <path class=\"line\" d=\"M50.9,16.7h44.8c.7,0,1,.3,1,1s-.3,1-1,1h-44.8\"\/>\n  <path class=\"star rotate-90\" d=\"M56.3,17.6c-.7.5-3.1.4-5.1,3.6-1.3,2.1-1.8,3.8-2.3,6.2-.2,1-.7,4-.7,5,0-.9-.2-1.7-.3-2.6-.4-4-1.8-9.5-5.7-11.5-.8-.4-1.4-.4-2.1-.7.3-.2.6-.1,1.2-.3.4-.1.8-.3,1-.4.6-.3,1.2-.7,1.6-1.2,2.5-2.4,3.6-6.9,4-10.3,0-.8.3-1.8.3-2.5,0,.1.2,2.3.3,2.6.1.9.2,1.7.4,2.4.6,3,1.5,5.7,3.6,7.8.9.9,2.1,1.7,3.8,1.9h0Z\"\/>\n<\/svg>\n\t\t\t\t\t\tLEER M\u00c1S\t\t\t\t\t<\/a>\n\t\t\t\t<\/div>\n\t\t\t<\/div>\n\t\t<\/div>\n\t<\/article>\n\n\t\t\n\n\n\n<\/section>\n\n\n<nav class=\"custom-pagination\">\n\t<span aria-current=\"page\" class=\"page-numbers current\">1<\/span>\n<a class=\"page-numbers\" href=\"https:\/\/leiroresidences.com\/es\/wp-json\/wp\/v2\/pages\/995\/page\/2\/\">2<\/a>\n<a class=\"page-numbers\" href=\"https:\/\/leiroresidences.com\/es\/wp-json\/wp\/v2\/pages\/995\/page\/3\/\">3<\/a>\n<span class=\"page-numbers dots\">&hellip;<\/span>\n<a class=\"page-numbers\" href=\"https:\/\/leiroresidences.com\/es\/wp-json\/wp\/v2\/pages\/995\/page\/14\/\">14<\/a>\n<a class=\"next page-numbers\" href=\"https:\/\/leiroresidences.com\/es\/wp-json\/wp\/v2\/pages\/995\/page\/2\/\">&raquo;<\/a><\/nav>\n\n\n<\/div>\n","protected":false},"excerpt":{"rendered":"","protected":false},"author":1,"featured_media":873,"parent":0,"menu_order":0,"comment_status":"closed","ping_status":"closed","template":"","meta":{"_acf_changed":false,"inline_featured_image":false,"_uag_custom_page_level_css":"","footnotes":""},"class_list":["post-995","page","type-page","status-publish","has-post-thumbnail","hentry"],"acf":[],"uagb_featured_image_src":{"full":["https:\/\/leiroresidences.com\/wp-content\/uploads\/2024\/04\/reception.min_.webp",1920,1280,false],"thumbnail":["https:\/\/leiroresidences.com\/wp-content\/uploads\/2024\/04\/reception.min_-150x150.webp",150,150,true],"medium":["https:\/\/leiroresidences.com\/wp-content\/uploads\/2024\/04\/reception.min_-300x200.webp",300,200,true],"medium_large":["https:\/\/leiroresidences.com\/wp-content\/uploads\/2024\/04\/reception.min_-768x512.webp",768,512,true],"large":["https:\/\/leiroresidences.com\/wp-content\/uploads\/2024\/04\/reception.min_-1024x683.webp",1024,683,true],"1536x1536":["https:\/\/leiroresidences.com\/wp-content\/uploads\/2024\/04\/reception.min_-1536x1024.webp",1536,1024,true],"2048x2048":["https:\/\/leiroresidences.com\/wp-content\/uploads\/2024\/04\/reception.min_.webp",1920,1280,false]},"uagb_author_info":{"display_name":"@oscar","author_link":"https:\/\/leiroresidences.com\/es\/author\/oscar\/"},"uagb_comment_info":0,"uagb_excerpt":null,"_links":{"self":[{"href":"https:\/\/leiroresidences.com\/es\/wp-json\/wp\/v2\/pages\/995","targetHints":{"allow":["GET"]}}],"collection":[{"href":"https:\/\/leiroresidences.com\/es\/wp-json\/wp\/v2\/pages"}],"about":[{"href":"https:\/\/leiroresidences.com\/es\/wp-json\/wp\/v2\/types\/page"}],"author":[{"embeddable":true,"href":"https:\/\/leiroresidences.com\/es\/wp-json\/wp\/v2\/users\/1"}],"replies":[{"embeddable":true,"href":"https:\/\/leiroresidences.com\/es\/wp-json\/wp\/v2\/comments?post=995"}],"version-history":[{"count":2,"href":"https:\/\/leiroresidences.com\/es\/wp-json\/wp\/v2\/pages\/995\/revisions"}],"predecessor-version":[{"id":998,"href":"https:\/\/leiroresidences.com\/es\/wp-json\/wp\/v2\/pages\/995\/revisions\/998"}],"wp:featuredmedia":[{"embeddable":true,"href":"https:\/\/leiroresidences.com\/es\/wp-json\/wp\/v2\/media\/873"}],"wp:attachment":[{"href":"https:\/\/leiroresidences.com\/es\/wp-json\/wp\/v2\/media?parent=995"}],"curies":[{"name":"wp","href":"https:\/\/api.w.org\/{rel}","templated":true}]}}